{"id":3037,"date":"2022-09-01T12:02:34","date_gmt":"2022-09-01T12:02:34","guid":{"rendered":"https:\/\/soundimageculture.org\/film\/derriere-les-volets\/"},"modified":"2024-06-19T13:59:35","modified_gmt":"2024-06-19T13:59:35","slug":"derriere-les-volets","status":"publish","type":"film","link":"https:\/\/soundimageculture.org\/fr\/film\/derriere-les-volets\/","title":{"rendered":"Derri\u00e8re les volets"},"content":{"rendered":"\n<h1 class=\"wp-block-heading\">Behind the Shutters<br>Derri\u00e8re les volets<\/h1>\n\n\n\n<h2 class=\"wp-block-heading\">de Messaline Raverdy<\/h2>\n\n\n<section id=\"sic-regular-text-block_956a6fc9afb29fb16a958a1afaf85523\" class=\"sic-regular-text two-columns\"><h2 class=\"section-title page-title\">Synopsis<\/h2><div class=\"content-wrapper\"><p class=\"p1\">Les portes de la fabrique de caf\u00e9 et de chicor\u00e9e abandonn\u00e9e Raverdy restent ferm\u00e9es, comme tout ce qui l&rsquo;entoure. La r\u00e9alisatrice, elle-m\u00eame descendante de la famille Raverdy (et enceinte de son premier enfant), part \u00e0 la recherche des histoires qui se cachent derri\u00e8re cette partie isol\u00e9e de la ville. Elle s&rsquo;installe chez sa grand-m\u00e8re de 91 ans, qui vit de l&rsquo;autre c\u00f4t\u00e9 de la rue. Au fur et \u00e0 mesure, elle parvient \u00e0 reconstituer les \u00e9v\u00e9nements qui ont conduit \u00e0 la fermeture de l&rsquo;usine, \u00e0 l&rsquo;aide de vieilles photos, de brochures publicitaires, de mythes, de jeux de langage, de conversations avec sa grand-m\u00e8re et d&rsquo;anciennes ouvri\u00e8res de l&rsquo;usine. Ces souvenirs se d\u00e9ploient \u00e0 travers diff\u00e9rentes intrigues. Les environs de l&rsquo;usine sont explor\u00e9s dans un style cin\u00e9matographique po\u00e9tique, et l&rsquo;histoire du couvent voisin de l&rsquo;usine est \u00e9galement r\u00e9v\u00e9l\u00e9e. Ce film sensible est une r\u00e9flexion sur l&rsquo;invisible et l&rsquo;oubli\u00e9, autour des femmes et du corps en mutation.<\/p>\n<\/div><\/section>\n\n<section id=\"sic-regular-text-block_0f0ef7b5b16076194caee12264cbd82b\" class=\"sic-regular-text single-column\"><h2 class=\"section-title page-title\">Cr\u00e9dits<\/h2><div class=\"content-wrapper\"><p class=\"p1\">R\u00e9alisation : Messaline Raverdy<br \/>\nImage et son : Olivier Dekegel, Benjamin Liberda, Cl\u00e9ment Losson<br \/>\nMontage : Ivanne de Cannart, Ridi Maerten<br \/>\nMixage : Remi G\u00e9rard<br \/>\nCorrection des couleurs : Mil\u00e9na Trivier<br \/>\nMusique : Hilde Nash<br \/>\nProduction : L&rsquo;atelier Molloy<br \/>\nCoproduction : CBA\/SIC<\/p>\n<\/div><\/section>\n\n<section id=\"sic-regular-text-block_d22f64bf89f26064ead5223e4b165b46\" class=\"sic-regular-text single-column\"><h2 class=\"section-title page-title\">Plus d&rsquo;information<\/h2><div class=\"content-wrapper\"><p class=\"p1\">Ann\u00e9e : 2018<br \/>\nDur\u00e9e du film : 51&prime;<br \/>\nLangue : fran\u00e7ais<br \/>\nSous-titres : anglais<\/p>\n<p class=\"p1\">Bande-annonce : <a href=\"https:\/\/mubi.com\/films\/behind-the-shutters-2018\"><span class=\"s1\">https:\/\/mubi.com\/films\/behind-the-shutters-2018<\/span><\/a><\/p>\n<p class=\"p1\"><a href=\"http:\/\/www.cinergie.be\/actualites\/derriere-les-volets-de-messaline-raverdy\">Cinergie.be, article de Bertrand Gevart, 25\/09\/2020<\/a><\/p>\n<p class=\"p1\"><a href=\"https:\/\/www.facebook.com\/watch\/?v=2172384786390592\">Interview, Festival Black Canvas, Mexico (2019)<\/a><\/p>\n<p class=\"p1\"><a href=\"https:\/\/povmagazine.com\/review-behind-the-shutters\/\">Article by Chelsea Phillips-Carr , 28\/04\/19<\/a><\/p>\n<p class=\"p1\"><a href=\"https:\/\/www.youtube.com\/watch?v=WAKZ6kbRg3A\">Interview, Festival Olhar de Cinema, Brasil (2018)<\/a><\/p>\n<p class=\"p1\"><a href=\"https:\/\/blocodenotasaleatorias.wordpress.com\/2018\/06\/12\/por-detras-das-cortinas-de-messaline-raverdy-e-a-poetica-do-cerzir\/\">Article de Emanuela Siqueira (en Espagnol), 12\/06\/18<\/a><\/p>\n<p class=\"p1\"><a href=\"https:\/\/desistfilm.com\/olhar-de-cinema-2018-derriere-les-volets-de-messaline-raverdy\/\">Article de Alonso Castro (in Spanish),19\/06\/18<\/a><\/p>\n<\/div><\/section>\n\n<section id=\"sic-regular-text-block_6852598b620e8694f3bc30a46670cffe\" class=\"sic-regular-text single-column\"><h2 class=\"section-title page-title\">Festivals<\/h2><div class=\"content-wrapper\"><p class=\"p1\">Dresdner Film Festival Schmalfilmtage, DE, 2021<br \/>\nMOCA. Museo Online de Cine Autobiogr\u00e1fico, Program around Belgian cinema, ES, 15-21 april, 2021<br \/>\nOnline on Doc Alliance, dafilms.com, 10\/2020<br \/>\n5th Working Title Film Festival, Italie, 2020<br \/>\nArgos TV11 online: 29 May &#8211; 5 June, Argos, BE, 2020<br \/>\nBlack Canvas Festival de Cine Contempor\u00e1neo, Mexico, 10\/2019<br \/>\nFestival C\u00e1mara L\u00facida &#8211; Encuentros Cinematogr\u00e1ficos, Equateur, 2019<br \/>\n26e Hot Docs Festival, \u00ab\u00a0World Showcase\u00a0\u00bb section, 2019<br \/>\nProjection \u00e0 Argos, Black Box, mars &#8211; avril, BE 2019<br \/>\nBergamo Film meeting, Bergamo, Italie, 2019<br \/>\nMillenium Festival, Brussels, BE, 2019<br \/>\nIFFR International Film Festival Rotterdam, Pays Bas, NL, 2019<br \/>\nAvant-premi\u00e8re \u00e0 Bozar, Brussels, 2018<br \/>\nFestival \u00ab\u00a0Les \u00e9crans du r\u00e9el\u00a0\u00bb, Le Mans, France, 2018<\/p>\n<\/div><\/section>\n\n<section id=\"sic-regular-text-block_8182d31aa21e93d20beaabce394e2d35\" class=\"sic-regular-text single-column\"><h2 class=\"section-title page-title\">Prix<\/h2><div class=\"content-wrapper\"><p class=\"p1\">Young Jury Award at Black Canvas Festival de Cine Contempor\u00e1neo, Mexico, 10\/2019<br \/>\nBest Film at Film Festival Olhar de Cinema &#8211; Curitiba Int&rsquo;l Film Festival, Brasil, 2018<br \/>\nGrand Prix du Jury au Festival de L&rsquo;Acharni\u00e8re, Lille, France, 2018<\/p>\n<\/div><\/section>\n\n\n<figure class=\"wp-block-image size-large\"><img loading=\"lazy\" decoding=\"async\" width=\"1024\" height=\"576\" src=\"https:\/\/soundimageculture.org\/wp-content\/uploads\/2022\/09\/Messaline2-1024x576.jpg\" alt=\"\" class=\"wp-image-1665\" srcset=\"https:\/\/soundimageculture.org\/wp-content\/uploads\/2022\/09\/Messaline2-1024x576.jpg 1024w, https:\/\/soundimageculture.org\/wp-content\/uploads\/2022\/09\/Messaline2-300x169.jpg 300w, https:\/\/soundimageculture.org\/wp-content\/uploads\/2022\/09\/Messaline2-768x432.jpg 768w, https:\/\/soundimageculture.org\/wp-content\/uploads\/2022\/09\/Messaline2-1536x864.jpg 1536w, https:\/\/soundimageculture.org\/wp-content\/uploads\/2022\/09\/Messaline2-2000x1125.jpg 2000w, https:\/\/soundimageculture.org\/wp-content\/uploads\/2022\/09\/Messaline2-1200x675.jpg 1200w, https:\/\/soundimageculture.org\/wp-content\/uploads\/2022\/09\/Messaline2.jpg 2048w\" sizes=\"auto, (max-width: 1024px) 100vw, 1024px\" \/><\/figure>\n","protected":false},"excerpt":{"rendered":"<p>Behind the ShuttersDerri\u00e8re les volets de Messaline Raverdy<\/p>\n","protected":false},"featured_media":1663,"template":"","film-category":[30,29],"film-year":[42],"class_list":["post-3037","film","type-film","status-publish","has-post-thumbnail","hentry","film-category-films-termines","film-category-screenings-prizes","film-year-42"],"acf":[],"yoast_head":"<!-- This site is optimized with the Yoast SEO plugin v24.0 - https:\/\/yoast.com\/wordpress\/plugins\/seo\/ -->\n<title>Derri\u00e8re les volets &#8211; Sound Image Culture<\/title>\n<meta name=\"robots\" content=\"index, follow, max-snippet:-1, max-image-preview:large, max-video-preview:-1\" \/>\n<link rel=\"canonical\" href=\"https:\/\/soundimageculture.org\/fr\/film\/derriere-les-volets\/\" \/>\n<meta property=\"og:locale\" content=\"fr_FR\" \/>\n<meta property=\"og:type\" content=\"article\" \/>\n<meta property=\"og:title\" content=\"Derri\u00e8re les volets &#8211; Sound Image Culture\" \/>\n<meta property=\"og:description\" content=\"Behind the ShuttersDerri\u00e8re les volets de Messaline Raverdy\" \/>\n<meta property=\"og:url\" content=\"https:\/\/soundimageculture.org\/fr\/film\/derriere-les-volets\/\" \/>\n<meta property=\"og:site_name\" content=\"Sound Image Culture\" \/>\n<meta property=\"article:modified_time\" content=\"2024-06-19T13:59:35+00:00\" \/>\n<meta property=\"og:image\" content=\"https:\/\/soundimageculture.org\/wp-content\/uploads\/2022\/09\/Messaline3-2000x1126.jpg\" \/>\n\t<meta property=\"og:image:width\" content=\"2047\" \/>\n\t<meta property=\"og:image:height\" content=\"1152\" \/>\n\t<meta property=\"og:image:type\" content=\"image\/jpeg\" \/>\n<meta name=\"twitter:card\" content=\"summary_large_image\" \/>\n<meta name=\"twitter:label1\" content=\"Dur\u00e9e de lecture estim\u00e9e\" \/>\n\t<meta name=\"twitter:data1\" content=\"1 minute\" \/>\n<script type=\"application\/ld+json\" class=\"yoast-schema-graph\">{\"@context\":\"https:\/\/schema.org\",\"@graph\":[{\"@type\":\"WebPage\",\"@id\":\"https:\/\/soundimageculture.org\/fr\/film\/derriere-les-volets\/\",\"url\":\"https:\/\/soundimageculture.org\/fr\/film\/derriere-les-volets\/\",\"name\":\"Derri\u00e8re les volets &#8211; Sound Image Culture\",\"isPartOf\":{\"@id\":\"https:\/\/soundimageculture.org\/fr\/#website\"},\"primaryImageOfPage\":{\"@id\":\"https:\/\/soundimageculture.org\/fr\/film\/derriere-les-volets\/#primaryimage\"},\"image\":{\"@id\":\"https:\/\/soundimageculture.org\/fr\/film\/derriere-les-volets\/#primaryimage\"},\"thumbnailUrl\":\"https:\/\/soundimageculture.org\/wp-content\/uploads\/2022\/09\/Messaline3-2000x1126.jpg\",\"datePublished\":\"2022-09-01T12:02:34+00:00\",\"dateModified\":\"2024-06-19T13:59:35+00:00\",\"breadcrumb\":{\"@id\":\"https:\/\/soundimageculture.org\/fr\/film\/derriere-les-volets\/#breadcrumb\"},\"inLanguage\":\"fr-FR\",\"potentialAction\":[{\"@type\":\"ReadAction\",\"target\":[\"https:\/\/soundimageculture.org\/fr\/film\/derriere-les-volets\/\"]}]},{\"@type\":\"ImageObject\",\"inLanguage\":\"fr-FR\",\"@id\":\"https:\/\/soundimageculture.org\/fr\/film\/derriere-les-volets\/#primaryimage\",\"url\":\"https:\/\/soundimageculture.org\/wp-content\/uploads\/2022\/09\/Messaline3-2000x1126.jpg\",\"contentUrl\":\"https:\/\/soundimageculture.org\/wp-content\/uploads\/2022\/09\/Messaline3-2000x1126.jpg\",\"width\":2047,\"height\":1152},{\"@type\":\"BreadcrumbList\",\"@id\":\"https:\/\/soundimageculture.org\/fr\/film\/derriere-les-volets\/#breadcrumb\",\"itemListElement\":[{\"@type\":\"ListItem\",\"position\":1,\"name\":\"Home\",\"item\":\"https:\/\/soundimageculture.org\/fr\/\"},{\"@type\":\"ListItem\",\"position\":2,\"name\":\"Films\",\"item\":\"https:\/\/soundimageculture.org\/fr\/film\/\"},{\"@type\":\"ListItem\",\"position\":3,\"name\":\"Derri\u00e8re les volets\"}]},{\"@type\":\"WebSite\",\"@id\":\"https:\/\/soundimageculture.org\/fr\/#website\",\"url\":\"https:\/\/soundimageculture.org\/fr\/\",\"name\":\"Sound Image Culture\",\"description\":\"Penser \/ Filmer\",\"publisher\":{\"@id\":\"https:\/\/soundimageculture.org\/fr\/#organization\"},\"potentialAction\":[{\"@type\":\"SearchAction\",\"target\":{\"@type\":\"EntryPoint\",\"urlTemplate\":\"https:\/\/soundimageculture.org\/fr\/?s={search_term_string}\"},\"query-input\":{\"@type\":\"PropertyValueSpecification\",\"valueRequired\":true,\"valueName\":\"search_term_string\"}}],\"inLanguage\":\"fr-FR\"},{\"@type\":\"Organization\",\"@id\":\"https:\/\/soundimageculture.org\/fr\/#organization\",\"name\":\"Sound Image Culture\",\"url\":\"https:\/\/soundimageculture.org\/fr\/\",\"logo\":{\"@type\":\"ImageObject\",\"inLanguage\":\"fr-FR\",\"@id\":\"https:\/\/soundimageculture.org\/fr\/#\/schema\/logo\/image\/\",\"url\":\"https:\/\/soundimageculture.org\/wp-content\/uploads\/2023\/05\/sic_logo_white_circle_vec.svg\",\"contentUrl\":\"https:\/\/soundimageculture.org\/wp-content\/uploads\/2023\/05\/sic_logo_white_circle_vec.svg\",\"width\":1,\"height\":1,\"caption\":\"Sound Image Culture\"},\"image\":{\"@id\":\"https:\/\/soundimageculture.org\/fr\/#\/schema\/logo\/image\/\"}}]}<\/script>\n<!-- \/ Yoast SEO plugin. -->","yoast_head_json":{"title":"Derri\u00e8re les volets &#8211; Sound Image Culture","robots":{"index":"index","follow":"follow","max-snippet":"max-snippet:-1","max-image-preview":"max-image-preview:large","max-video-preview":"max-video-preview:-1"},"canonical":"https:\/\/soundimageculture.org\/fr\/film\/derriere-les-volets\/","og_locale":"fr_FR","og_type":"article","og_title":"Derri\u00e8re les volets &#8211; Sound Image Culture","og_description":"Behind the ShuttersDerri\u00e8re les volets de Messaline Raverdy","og_url":"https:\/\/soundimageculture.org\/fr\/film\/derriere-les-volets\/","og_site_name":"Sound Image Culture","article_modified_time":"2024-06-19T13:59:35+00:00","og_image":[{"width":2047,"height":1152,"url":"https:\/\/soundimageculture.org\/wp-content\/uploads\/2022\/09\/Messaline3-2000x1126.jpg","type":"image\/jpeg"}],"twitter_card":"summary_large_image","twitter_misc":{"Dur\u00e9e de lecture estim\u00e9e":"1 minute"},"schema":{"@context":"https:\/\/schema.org","@graph":[{"@type":"WebPage","@id":"https:\/\/soundimageculture.org\/fr\/film\/derriere-les-volets\/","url":"https:\/\/soundimageculture.org\/fr\/film\/derriere-les-volets\/","name":"Derri\u00e8re les volets &#8211; Sound Image Culture","isPartOf":{"@id":"https:\/\/soundimageculture.org\/fr\/#website"},"primaryImageOfPage":{"@id":"https:\/\/soundimageculture.org\/fr\/film\/derriere-les-volets\/#primaryimage"},"image":{"@id":"https:\/\/soundimageculture.org\/fr\/film\/derriere-les-volets\/#primaryimage"},"thumbnailUrl":"https:\/\/soundimageculture.org\/wp-content\/uploads\/2022\/09\/Messaline3-2000x1126.jpg","datePublished":"2022-09-01T12:02:34+00:00","dateModified":"2024-06-19T13:59:35+00:00","breadcrumb":{"@id":"https:\/\/soundimageculture.org\/fr\/film\/derriere-les-volets\/#breadcrumb"},"inLanguage":"fr-FR","potentialAction":[{"@type":"ReadAction","target":["https:\/\/soundimageculture.org\/fr\/film\/derriere-les-volets\/"]}]},{"@type":"ImageObject","inLanguage":"fr-FR","@id":"https:\/\/soundimageculture.org\/fr\/film\/derriere-les-volets\/#primaryimage","url":"https:\/\/soundimageculture.org\/wp-content\/uploads\/2022\/09\/Messaline3-2000x1126.jpg","contentUrl":"https:\/\/soundimageculture.org\/wp-content\/uploads\/2022\/09\/Messaline3-2000x1126.jpg","width":2047,"height":1152},{"@type":"BreadcrumbList","@id":"https:\/\/soundimageculture.org\/fr\/film\/derriere-les-volets\/#breadcrumb","itemListElement":[{"@type":"ListItem","position":1,"name":"Home","item":"https:\/\/soundimageculture.org\/fr\/"},{"@type":"ListItem","position":2,"name":"Films","item":"https:\/\/soundimageculture.org\/fr\/film\/"},{"@type":"ListItem","position":3,"name":"Derri\u00e8re les volets"}]},{"@type":"WebSite","@id":"https:\/\/soundimageculture.org\/fr\/#website","url":"https:\/\/soundimageculture.org\/fr\/","name":"Sound Image Culture","description":"Penser \/ Filmer","publisher":{"@id":"https:\/\/soundimageculture.org\/fr\/#organization"},"potentialAction":[{"@type":"SearchAction","target":{"@type":"EntryPoint","urlTemplate":"https:\/\/soundimageculture.org\/fr\/?s={search_term_string}"},"query-input":{"@type":"PropertyValueSpecification","valueRequired":true,"valueName":"search_term_string"}}],"inLanguage":"fr-FR"},{"@type":"Organization","@id":"https:\/\/soundimageculture.org\/fr\/#organization","name":"Sound Image Culture","url":"https:\/\/soundimageculture.org\/fr\/","logo":{"@type":"ImageObject","inLanguage":"fr-FR","@id":"https:\/\/soundimageculture.org\/fr\/#\/schema\/logo\/image\/","url":"https:\/\/soundimageculture.org\/wp-content\/uploads\/2023\/05\/sic_logo_white_circle_vec.svg","contentUrl":"https:\/\/soundimageculture.org\/wp-content\/uploads\/2023\/05\/sic_logo_white_circle_vec.svg","width":1,"height":1,"caption":"Sound Image Culture"},"image":{"@id":"https:\/\/soundimageculture.org\/fr\/#\/schema\/logo\/image\/"}}]}},"_links":{"self":[{"href":"https:\/\/soundimageculture.org\/fr\/wp-json\/wp\/v2\/film\/3037","targetHints":{"allow":["GET"]}}],"collection":[{"href":"https:\/\/soundimageculture.org\/fr\/wp-json\/wp\/v2\/film"}],"about":[{"href":"https:\/\/soundimageculture.org\/fr\/wp-json\/wp\/v2\/types\/film"}],"wp:featuredmedia":[{"embeddable":true,"href":"https:\/\/soundimageculture.org\/fr\/wp-json\/wp\/v2\/media\/1663"}],"wp:attachment":[{"href":"https:\/\/soundimageculture.org\/fr\/wp-json\/wp\/v2\/media?parent=3037"}],"wp:term":[{"taxonomy":"film-category","embeddable":true,"href":"https:\/\/soundimageculture.org\/fr\/wp-json\/wp\/v2\/film-category?post=3037"},{"taxonomy":"film-year","embeddable":true,"href":"https:\/\/soundimageculture.org\/fr\/wp-json\/wp\/v2\/film-year?post=3037"}],"curies":[{"name":"wp","href":"https:\/\/api.w.org\/{rel}","templated":true}]}}